{"id":253,"date":"2024-10-13T12:00:12","date_gmt":"2024-10-13T12:00:12","guid":{"rendered":"https:\/\/marollarbres.org\/?page_id=253"},"modified":"2026-04-18T15:57:15","modified_gmt":"2026-04-18T15:57:15","slug":"les-arbres-et-lenvironnement-urbain","status":"publish","type":"page","link":"https:\/\/marollarbres.org\/index.php\/les-arbres-et-lenvironnement-urbain\/","title":{"rendered":"Les arbres et l\u2019environnement urbain"},"content":{"rendered":"<h3>Arbres en milieu urbain, guide de mise en \u0153uvre, guide complet<\/h3>\n<p><a href=\"https:\/\/marollarbres.org\/wp-content\/uploads\/2024\/10\/Arbres-en-milieu-urbain-news-27234-arbres-ville-1.pdf\">Arbres-en-milieu-urbain-news-arbres-ville<\/a><\/p>\n<h3 class=\"title is-size-1\">Quels arbres pour nos villes demain ? Publication de l&rsquo;\u00e9tude Sesame faite par la ville de Metz<\/h3>\n<p class=\"title is-size-1\"><strong>85 fiches d&rsquo;essences :<\/strong><\/p>\n<p><a href=\"https:\/\/marollarbres.org\/wp-content\/uploads\/2025\/01\/SESAME_85_fiches_essences.pdf\">SESAME_85_fiches_essences<\/a><\/p>\n<p><strong>L&rsquo;application et sa notice :<\/strong><\/p>\n<p><a href=\"https:\/\/marollarbres.org\/wp-content\/uploads\/2025\/01\/SESAME_Applicatif.xlsm\">SESAME_Applicatif<\/a><\/p>\n<p><a href=\"https:\/\/marollarbres.org\/wp-content\/uploads\/2025\/01\/SESAME_Notice_d_utilisation.pdf\">SESAME_Notice_d_utilisation<\/a><\/p>\n<p class=\"title is-size-1\"><strong>Lien vers le site :<\/strong><\/p>\n<p><a href=\"https:\/\/metz.fr\/projets\/developpement-durable\/sesame.php\" target=\"_blank\" rel=\"noopener\">https:\/\/metz.fr\/projets\/developpement-durable\/sesame.php<\/a><\/p>\n<h3>\u00c9tude de l\u2019effet des arbres sur l\u2019environnement urbain \u00e9dit\u00e9 par la ville de Strasbourg :<\/h3>\n<p><a href=\"https:\/\/marollarbres.org\/wp-content\/uploads\/2024\/10\/i-Tree_Strasbourg.pdf\">i-Tree_Strasbourg<\/a><\/p>\n<h3>L&rsquo;arbre, l&rsquo;essence de la ville, l&rsquo;outil s\u00e9same pour faire les bons choix, cet ouvrage traite de comment planter intelligemment en milieu urbain :<\/h3>\n<p><a href=\"https:\/\/marollarbres.org\/wp-content\/uploads\/2024\/10\/CAHIER__DU_CEREMA.pdf\">CAHIER__DU_CEREMA<\/a><\/p>\n<h3 class=\"ecl-page-header__title\" lang=\"fr\">Augmenter la couverture arbor\u00e9e \u00e0 30% dans les villes europ\u00e9ennes pourrait r\u00e9duire les d\u00e9c\u00e8s li\u00e9s \u00e0 l&rsquo;effet d&rsquo;\u00eelot de chaleur urbain<\/h3>\n<p><a href=\"https:\/\/marollarbres.org\/wp-content\/uploads\/2024\/10\/Augmenter-la-couverture-arboree-a-30-dans-les-villes-europeennes-pourrait-reduire-les-deces-lies-a-l39effet-d39ilot-de-chaleur-urbain.pdf\">Augmenter la couverture arbor\u00e9e \u00e0 30% dans les villes europ\u00e9ennes pourrait r\u00e9duire les d\u00e9c\u00e8s li\u00e9s \u00e0 l&rsquo;effet d&rsquo;\u00eelot de chaleur urbain<\/a><\/p>\n<h3>Effet rafra\u00eechissant des arbres urbains sur l&rsquo;environnement b\u00e2ti des \u00c9tats-Unis<\/h3>\n<p><a href=\"https:\/\/marollarbres.org\/wp-content\/uploads\/2024\/10\/Cooling-Effect-of-Urban-Trees-on-the-Built-Environment-Francais.pdf\">Cooling Effect of Urban Trees on the Built Environment Francais<\/a> (Traduction automatique)<\/p>\n<p><a href=\"https:\/\/marollarbres.org\/wp-content\/uploads\/2024\/10\/Cooling-Effect-of-Urban-Trees-on-the-Built-Environment.pdf\">Cooling Effect of Urban Trees on the Built Environment<\/a><\/p>\n<p>lien vers le site de site de r\u00e9f\u00e9rence <a href=\"https:\/\/www.thelancet.com\/journals\/lanplh\/article\/PIIS2542-5196(23)00023-2\/fulltext\" target=\"_blank\" rel=\"noopener\">ici<\/a><\/p>\n<h3>Comprendre le r\u00f4le de la gestion des arbres urbains sur les services \u00e9cosyst\u00e9miques<\/h3>\n<p><a href=\"https:\/\/marollarbres.org\/wp-content\/uploads\/2024\/10\/Comparatif-arbres-frrn039-1-Francais.pdf\">Comparatif-arbres-Fran\u00e7ais<\/a> (Traduction automatique)<\/p>\n<p><a href=\"https:\/\/cdn.forestresearch.gov.uk\/2019\/06\/frrn039.pdf\" target=\"_blank\" rel=\"noopener\">Document original en anglais<\/a><\/p>\n<h3>Arbres, planification et d\u00e9veloppement<\/h3>\n<p><a href=\"https:\/\/marollarbres.org\/wp-content\/uploads\/2024\/10\/tdag_tpdsectiononev1.4-tdag-org-uk.en_.fr_.pdf\">tdag_tpdsectiononev1.4-tdag-org-uk.en.fr<\/a>\u00a0(traduction automatique)<\/p>\n<h3>For\u00eat urbaine : r\u00e9inventez la nature en ville avec l&rsquo;ONF !<\/h3>\n<p><a href=\"https:\/\/www.onf.fr\/produits-services\/+\/836::foret-urbaine-reinventez-la-nature-en-ville-avec-lonf.html\" target=\"_blank\" rel=\"noopener\">https:\/\/www.onf.fr\/produits-services\/+\/836::foret-urbaine-reinventez-la-nature-en-ville-avec-lonf.html<\/a><\/p>\n<h3>La Protection Du Syst\u00e8me Racinaire Des Arbres Lors Des Travaux De Terrassement<\/h3>\n<p><a href=\"https:\/\/marollarbres.org\/wp-content\/uploads\/2025\/01\/la-protection-du-systeme-racinaire.pdf\">la-protection-du-systeme-racinaire<\/a><\/p>\n\n\n<p><\/p>\n","protected":false},"excerpt":{"rendered":"<p>Arbres en milieu urbain, guide de mise en \u0153uvre, guide complet Arbres-en-milieu-urbain-news-arbres-ville Quels arbres pour nos villes demain ? Publication [&hellip;]<\/p>\n","protected":false},"author":1,"featured_media":0,"parent":0,"menu_order":0,"comment_status":"closed","ping_status":"closed","template":"","meta":{"footnotes":""},"class_list":["post-253","page","type-page","status-publish","hentry"],"_links":{"self":[{"href":"https:\/\/marollarbres.org\/index.php\/wp-json\/wp\/v2\/pages\/253","targetHints":{"allow":["GET"]}}],"collection":[{"href":"https:\/\/marollarbres.org\/index.php\/wp-json\/wp\/v2\/pages"}],"about":[{"href":"https:\/\/marollarbres.org\/index.php\/wp-json\/wp\/v2\/types\/page"}],"author":[{"embeddable":true,"href":"https:\/\/marollarbres.org\/index.php\/wp-json\/wp\/v2\/users\/1"}],"replies":[{"embeddable":true,"href":"https:\/\/marollarbres.org\/index.php\/wp-json\/wp\/v2\/comments?post=253"}],"version-history":[{"count":33,"href":"https:\/\/marollarbres.org\/index.php\/wp-json\/wp\/v2\/pages\/253\/revisions"}],"predecessor-version":[{"id":552,"href":"https:\/\/marollarbres.org\/index.php\/wp-json\/wp\/v2\/pages\/253\/revisions\/552"}],"wp:attachment":[{"href":"https:\/\/marollarbres.org\/index.php\/wp-json\/wp\/v2\/media?parent=253"}],"curies":[{"name":"wp","href":"https:\/\/api.w.org\/{rel}","templated":true}]}}