{"id":428,"date":"2024-12-22T00:31:48","date_gmt":"2024-12-22T00:31:48","guid":{"rendered":"https:\/\/marollarbres.org\/?page_id=428"},"modified":"2024-12-22T00:35:05","modified_gmt":"2024-12-22T00:35:05","slug":"sondage-arbres-marolles-en-hurepoix","status":"publish","type":"page","link":"https:\/\/marollarbres.org\/index.php\/sondage-arbres-marolles-en-hurepoix\/","title":{"rendered":"R\u00e9sultats du sondage sur l\u2019avenir des arbres de l\u2019avenue du G\u00e9n\u00e9ral de Gaulle \u00e0 Marolles-en-Hurepoix"},"content":{"rendered":"<p>Dans le cadre de notre mobilisation pour la pr\u00e9servation des arbres, le collectif MarollArbres a organis\u00e9 un sondage, en octobre 2024, afin de recueillir l\u2019avis des habitants sur le projet d\u2019abattage des arbres de l\u2019avenue du G\u00e9n\u00e9ral de Gaulle.<\/p>\n<h3><strong>Participation et r\u00e9sultats :<\/strong><\/h3>\n<ul>\n<li><strong>Nombre de participants :<\/strong> 1 103 habitants ont r\u00e9pondu.<\/li>\n<li><strong>R\u00e9sultats :<\/strong>\n<ul>\n<li><strong>80,69 %<\/strong> des r\u00e9pondants souhaitent conserver les arbres existants.<\/li>\n<li><strong>11,88 %<\/strong> se d\u00e9clarent favorables \u00e0 leur abattage.<\/li>\n<li><strong>7,43 %<\/strong> ne se prononcent pas.<\/li>\n<\/ul>\n<\/li>\n<\/ul>\n<p>Ce sondage d\u00e9montre une majorit\u00e9 \u00e9crasante en faveur de la pr\u00e9servation des arbres. Malgr\u00e9 ces r\u00e9sultats, la mairie n\u2019a pas pris en compte l\u2019opinion majoritaire exprim\u00e9e par les habitants.<\/p>\n<h3><strong>Notre position :<\/strong><\/h3>\n<p>Le collectif MarollArbres reste fermement engag\u00e9 dans la d\u00e9fense des arbres de notre commune, en tenant compte de l\u2019avis largement exprim\u00e9 par nos concitoyens. Nous invitons les responsables locaux \u00e0 respecter ce choix collectif et \u00e0 rechercher des solutions alternatives pour pr\u00e9server notre patrimoine arbor\u00e9.<\/p>\n","protected":false},"excerpt":{"rendered":"<p>Dans le cadre de notre mobilisation pour la pr\u00e9servation des arbres, le collectif MarollArbres a organis\u00e9 un sondage, en octobre [&hellip;]<\/p>\n","protected":false},"author":1,"featured_media":0,"parent":0,"menu_order":0,"comment_status":"closed","ping_status":"closed","template":"","meta":{"footnotes":""},"class_list":["post-428","page","type-page","status-publish","hentry"],"_links":{"self":[{"href":"https:\/\/marollarbres.org\/index.php\/wp-json\/wp\/v2\/pages\/428","targetHints":{"allow":["GET"]}}],"collection":[{"href":"https:\/\/marollarbres.org\/index.php\/wp-json\/wp\/v2\/pages"}],"about":[{"href":"https:\/\/marollarbres.org\/index.php\/wp-json\/wp\/v2\/types\/page"}],"author":[{"embeddable":true,"href":"https:\/\/marollarbres.org\/index.php\/wp-json\/wp\/v2\/users\/1"}],"replies":[{"embeddable":true,"href":"https:\/\/marollarbres.org\/index.php\/wp-json\/wp\/v2\/comments?post=428"}],"version-history":[{"count":2,"href":"https:\/\/marollarbres.org\/index.php\/wp-json\/wp\/v2\/pages\/428\/revisions"}],"predecessor-version":[{"id":431,"href":"https:\/\/marollarbres.org\/index.php\/wp-json\/wp\/v2\/pages\/428\/revisions\/431"}],"wp:attachment":[{"href":"https:\/\/marollarbres.org\/index.php\/wp-json\/wp\/v2\/media?parent=428"}],"curies":[{"name":"wp","href":"https:\/\/api.w.org\/{rel}","templated":true}]}}